{"version":"1.0","provider_name":"Afacerea","provider_url":"https:\/\/revista-afacerea.ro\/afacerea","title":"Pandemia pie\u021belor externe - Afacerea","type":"rich","width":600,"height":338,"html":"<blockquote class=\"wp-embedded-content\" data-secret=\"Hh0fI1EnFE\"><a href=\"https:\/\/revista-afacerea.ro\/afacerea\/pandemia-pietelor-externe\/\">Pandemia pie\u021belor externe<\/a><\/blockquote><iframe sandbox=\"allow-scripts\" security=\"restricted\" src=\"https:\/\/revista-afacerea.ro\/afacerea\/pandemia-pietelor-externe\/embed\/#?secret=Hh0fI1EnFE\" width=\"600\" height=\"338\" title=\"&#8222;Pandemia pie\u021belor externe&#8221; &#8211; Afacerea\" data-secret=\"Hh0fI1EnFE\" frameborder=\"0\" marginwidth=\"0\" marginheight=\"0\" scrolling=\"no\" class=\"wp-embedded-content\"><\/iframe><script>\n\/*! This file is auto-generated *\/\n!function(d,l){\"use strict\";l.querySelector&&d.addEventListener&&\"undefined\"!=typeof URL&&(d.wp=d.wp||{},d.wp.receiveEmbedMessage||(d.wp.receiveEmbedMessage=function(e){var t=e.data;if((t||t.secret||t.message||t.value)&&!\/[^a-zA-Z0-9]\/.test(t.secret)){for(var s,r,n,a=l.querySelectorAll('iframe[data-secret=\"'+t.secret+'\"]'),o=l.querySelectorAll('blockquote[data-secret=\"'+t.secret+'\"]'),c=new RegExp(\"^https?:$\",\"i\"),i=0;i<o.length;i++)o[i].style.display=\"none\";for(i=0;i<a.length;i++)s=a[i],e.source===s.contentWindow&&(s.removeAttribute(\"style\"),\"height\"===t.message?(1e3<(r=parseInt(t.value,10))?r=1e3:~~r<200&&(r=200),s.height=r):\"link\"===t.message&&(r=new URL(s.getAttribute(\"src\")),n=new URL(t.value),c.test(n.protocol))&&n.host===r.host&&l.activeElement===s&&(d.top.location.href=t.value))}},d.addEventListener(\"message\",d.wp.receiveEmbedMessage,!1),l.addEventListener(\"DOMContentLoaded\",function(){for(var e,t,s=l.querySelectorAll(\"iframe.wp-embedded-content\"),r=0;r<s.length;r++)(t=(e=s[r]).getAttribute(\"data-secret\"))||(t=Math.random().toString(36).substring(2,12),e.src+=\"#?secret=\"+t,e.setAttribute(\"data-secret\",t)),e.contentWindow.postMessage({message:\"ready\",secret:t},\"*\")},!1)))}(window,document);\n<\/script>\n","thumbnail_url":"https:\/\/revista-afacerea.ro\/afacerea\/wp-content\/uploads\/2020\/10\/ccib.jpg","thumbnail_width":800,"thumbnail_height":820,"description":"Anali\u0219tii, managerii \u0219i \u2013 deopotriv\u0103 \u2013 politicienii se \u00eentreab\u0103 dac\u0103 actuala criz\u0103 economic\u0103 generat\u0103 de COVID 19 va fi la fel de dur\u0103 sau poate mai dur\u0103 dec\u00e2t criza din 2008 \u2013 2009. Din perspectiva rela\u021biilor comerciale interna\u021bionale, r\u0103spunsul pe care\u2026"}